{"version":"1.0","provider_name":"At\u0131f \u00dcnald\u0131","provider_url":"http:\/\/atif.unaldi.org\/blog","author_name":"Atif Unaldi","author_url":"http:\/\/atif.unaldi.org\/blog\/author\/atifunaldi\/","title":"Emrehan Hal\u0131c\u0131'n\u0131n RT\u00dcK ziyareti - At\u0131f \u00dcnald\u0131","type":"rich","width":600,"height":338,"html":"<blockquote class=\"wp-embedded-content\" data-secret=\"LWZ6ah1wbk\"><a href=\"http:\/\/atif.unaldi.org\/blog\/2002\/12\/27\/emrehan-halicinin-rtuk-ziyareti\/\">Emrehan Hal\u0131c\u0131&#8217;n\u0131n RT\u00dcK ziyareti<\/a><\/blockquote><iframe sandbox=\"allow-scripts\" security=\"restricted\" src=\"http:\/\/atif.unaldi.org\/blog\/2002\/12\/27\/emrehan-halicinin-rtuk-ziyareti\/embed\/#?secret=LWZ6ah1wbk\" width=\"600\" height=\"338\" title=\"&#8220;Emrehan Hal\u0131c\u0131&#8217;n\u0131n RT\u00dcK ziyareti&#8221; &#8212; At\u0131f \u00dcnald\u0131\" data-secret=\"LWZ6ah1wbk\" frameborder=\"0\" marginwidth=\"0\" marginheight=\"0\" scrolling=\"no\" class=\"wp-embedded-content\"><\/iframe><script type=\"text\/javascript\">\n\/* <![CDATA[ *\/\n\/*! This file is auto-generated *\/\n!function(d,l){\"use strict\";l.querySelector&&d.addEventListener&&\"undefined\"!=typeof URL&&(d.wp=d.wp||{},d.wp.receiveEmbedMessage||(d.wp.receiveEmbedMessage=function(e){var t=e.data;if((t||t.secret||t.message||t.value)&&!\/[^a-zA-Z0-9]\/.test(t.secret)){for(var s,r,n,a=l.querySelectorAll('iframe[data-secret=\"'+t.secret+'\"]'),o=l.querySelectorAll('blockquote[data-secret=\"'+t.secret+'\"]'),c=new RegExp(\"^https?:$\",\"i\"),i=0;i<o.length;i++)o[i].style.display=\"none\";for(i=0;i<a.length;i++)s=a[i],e.source===s.contentWindow&&(s.removeAttribute(\"style\"),\"height\"===t.message?(1e3<(r=parseInt(t.value,10))?r=1e3:~~r<200&&(r=200),s.height=r):\"link\"===t.message&&(r=new URL(s.getAttribute(\"src\")),n=new URL(t.value),c.test(n.protocol))&&n.host===r.host&&l.activeElement===s&&(d.top.location.href=t.value))}},d.addEventListener(\"message\",d.wp.receiveEmbedMessage,!1),l.addEventListener(\"DOMContentLoaded\",function(){for(var e,t,s=l.querySelectorAll(\"iframe.wp-embedded-content\"),r=0;r<s.length;r++)(t=(e=s[r]).getAttribute(\"data-secret\"))||(t=Math.random().toString(36).substring(2,12),e.src+=\"#?secret=\"+t,e.setAttribute(\"data-secret\",t)),e.contentWindow.postMessage({message:\"ready\",secret:t},\"*\")},!1)))}(window,document);\n\/* ]]> *\/\n<\/script>\n","description":"1. Bir milletvekilinin i\u00e7inde bulundu\u011fu iktidar orta\u011f\u0131 partinin \u00e7\u0131karm\u0131\u015f oldu\u011fu yasan\u0131n nas\u0131l yorumlanaca\u011f\u0131n\u0131 sormas\u0131 bir protokol sorunu do\u011furmaz m\u0131? 2. Kar\u015f\u0131daki ki\u015fi say\u0131n milletvekilim bu yasay\u0131 siz \u00e7\u0131kard\u0131n\u0131z, konuyla ilgili yakla\u015f\u0131m\u0131n\u0131z neyse bizim \u00e7\u00f6z\u00fcm\u00fcm\u00fcz de..."}