{"version":"1.0","provider_name":"At\u0131f \u00dcnald\u0131","provider_url":"http:\/\/atif.unaldi.org\/blog","author_name":"Atif Unaldi","author_url":"http:\/\/atif.unaldi.org\/blog\/author\/atifunaldi\/","title":"Yak\u0131n Gelecekte Hayat\u0131m\u0131zda Ne De\u011fi\u015fecek? - At\u0131f \u00dcnald\u0131","type":"rich","width":600,"height":338,"html":"<blockquote class=\"wp-embedded-content\" data-secret=\"TQiunscfMv\"><a href=\"http:\/\/atif.unaldi.org\/blog\/2010\/10\/06\/yakin-gelecekte-hayatimizda-ne-degisecek\/\">Yak\u0131n Gelecekte Hayat\u0131m\u0131zda Ne De\u011fi\u015fecek?<\/a><\/blockquote><iframe sandbox=\"allow-scripts\" security=\"restricted\" src=\"http:\/\/atif.unaldi.org\/blog\/2010\/10\/06\/yakin-gelecekte-hayatimizda-ne-degisecek\/embed\/#?secret=TQiunscfMv\" width=\"600\" height=\"338\" title=\"&#8220;Yak\u0131n Gelecekte Hayat\u0131m\u0131zda Ne De\u011fi\u015fecek?&#8221; &#8212; At\u0131f \u00dcnald\u0131\" data-secret=\"TQiunscfMv\" frameborder=\"0\" marginwidth=\"0\" marginheight=\"0\" scrolling=\"no\" class=\"wp-embedded-content\"><\/iframe><script type=\"text\/javascript\">\n\/* <![CDATA[ *\/\n\/*! This file is auto-generated *\/\n!function(d,l){\"use strict\";l.querySelector&&d.addEventListener&&\"undefined\"!=typeof URL&&(d.wp=d.wp||{},d.wp.receiveEmbedMessage||(d.wp.receiveEmbedMessage=function(e){var t=e.data;if((t||t.secret||t.message||t.value)&&!\/[^a-zA-Z0-9]\/.test(t.secret)){for(var s,r,n,a=l.querySelectorAll('iframe[data-secret=\"'+t.secret+'\"]'),o=l.querySelectorAll('blockquote[data-secret=\"'+t.secret+'\"]'),c=new RegExp(\"^https?:$\",\"i\"),i=0;i<o.length;i++)o[i].style.display=\"none\";for(i=0;i<a.length;i++)s=a[i],e.source===s.contentWindow&&(s.removeAttribute(\"style\"),\"height\"===t.message?(1e3<(r=parseInt(t.value,10))?r=1e3:~~r<200&&(r=200),s.height=r):\"link\"===t.message&&(r=new URL(s.getAttribute(\"src\")),n=new URL(t.value),c.test(n.protocol))&&n.host===r.host&&l.activeElement===s&&(d.top.location.href=t.value))}},d.addEventListener(\"message\",d.wp.receiveEmbedMessage,!1),l.addEventListener(\"DOMContentLoaded\",function(){for(var e,t,s=l.querySelectorAll(\"iframe.wp-embedded-content\"),r=0;r<s.length;r++)(t=(e=s[r]).getAttribute(\"data-secret\"))||(t=Math.random().toString(36).substring(2,12),e.src+=\"#?secret=\"+t,e.setAttribute(\"data-secret\",t)),e.contentWindow.postMessage({message:\"ready\",secret:t},\"*\")},!1)))}(window,document);\n\/* ]]> *\/\n<\/script>\n","description":"Vatanda\u015flar\u0131n s\u00f6z hakk\u0131 art\u0131yor Ba\u015fta belediyeler olmak \u00fczere \u00e7e\u015fitli kamu kurumlar\u0131n\u0131n kullanabilece\u011fi, iPad ve iPhone gibi mobil cihazlar \u00fczerinden kullan\u0131lacak uygulamalar ile vatanda\u015flar, ya\u015fad\u0131klar\u0131 \u015fehrin y\u00f6netimine kat\u0131labilecek, kamu hizmetlerini kontrol edebilecekler. \u00d6rne\u011fin iPhone\u2019da yer alacak..."}