{"version":"1.0","provider_name":"At\u0131f \u00dcnald\u0131","provider_url":"http:\/\/atif.unaldi.org\/blog","author_name":"Atif Unaldi","author_url":"http:\/\/atif.unaldi.org\/blog\/author\/atifunaldi\/","title":"Da\u011f\u0131t\u0131m \u015eirketleri \u0130\u00e7in IPTV - At\u0131f \u00dcnald\u0131","type":"rich","width":600,"height":338,"html":"<blockquote class=\"wp-embedded-content\" data-secret=\"i32WT6h4Id\"><a href=\"http:\/\/atif.unaldi.org\/blog\/2011\/05\/18\/dagitim-sirketleri-icin-iptv\/\">Da\u011f\u0131t\u0131m \u015eirketleri \u0130\u00e7in IPTV<\/a><\/blockquote><iframe sandbox=\"allow-scripts\" security=\"restricted\" src=\"http:\/\/atif.unaldi.org\/blog\/2011\/05\/18\/dagitim-sirketleri-icin-iptv\/embed\/#?secret=i32WT6h4Id\" width=\"600\" height=\"338\" title=\"&#8220;Da\u011f\u0131t\u0131m \u015eirketleri \u0130\u00e7in IPTV&#8221; &#8212; At\u0131f \u00dcnald\u0131\" data-secret=\"i32WT6h4Id\" frameborder=\"0\" marginwidth=\"0\" marginheight=\"0\" scrolling=\"no\" class=\"wp-embedded-content\"><\/iframe><script type=\"text\/javascript\">\n\/* <![CDATA[ *\/\n\/*! This file is auto-generated *\/\n!function(d,l){\"use strict\";l.querySelector&&d.addEventListener&&\"undefined\"!=typeof URL&&(d.wp=d.wp||{},d.wp.receiveEmbedMessage||(d.wp.receiveEmbedMessage=function(e){var t=e.data;if((t||t.secret||t.message||t.value)&&!\/[^a-zA-Z0-9]\/.test(t.secret)){for(var s,r,n,a=l.querySelectorAll('iframe[data-secret=\"'+t.secret+'\"]'),o=l.querySelectorAll('blockquote[data-secret=\"'+t.secret+'\"]'),c=new RegExp(\"^https?:$\",\"i\"),i=0;i<o.length;i++)o[i].style.display=\"none\";for(i=0;i<a.length;i++)s=a[i],e.source===s.contentWindow&&(s.removeAttribute(\"style\"),\"height\"===t.message?(1e3<(r=parseInt(t.value,10))?r=1e3:~~r<200&&(r=200),s.height=r):\"link\"===t.message&&(r=new URL(s.getAttribute(\"src\")),n=new URL(t.value),c.test(n.protocol))&&n.host===r.host&&l.activeElement===s&&(d.top.location.href=t.value))}},d.addEventListener(\"message\",d.wp.receiveEmbedMessage,!1),l.addEventListener(\"DOMContentLoaded\",function(){for(var e,t,s=l.querySelectorAll(\"iframe.wp-embedded-content\"),r=0;r<s.length;r++)(t=(e=s[r]).getAttribute(\"data-secret\"))||(t=Math.random().toString(36).substring(2,12),e.src+=\"#?secret=\"+t,e.setAttribute(\"data-secret\",t)),e.contentWindow.postMessage({message:\"ready\",secret:t},\"*\")},!1)))}(window,document);\n\/* ]]> *\/\n<\/script>\n","description":"Madalyonun iki y\u00fcz\u00fc var \u00a0 Korsanla m\u00fccadele konusunu inceledi\u011fimizde \u00e7o\u011funlukla da\u011f\u0131t\u0131m \u015firketlerinin ald\u0131\u011f\u0131 b\u00fcy\u00fck b\u00fct\u00e7elerin kurumun yap\u0131s\u0131na, eserlere ciddi anlamda zarar verdi\u011fini bu nedenle de korsanla m\u00fccadelenin kar\u015f\u0131s\u0131ndaki en \u00f6nemli engellerden biri oldu\u011funu s\u00f6ylemi\u015f ve..."}